{"id":1200,"date":"2025-02-24T23:57:45","date_gmt":"2025-02-24T22:57:45","guid":{"rendered":"https:\/\/www.tendals.net\/mosquiteres\/"},"modified":"2025-05-29T12:35:27","modified_gmt":"2025-05-29T10:35:27","slug":"mosquiteres","status":"publish","type":"page","link":"https:\/\/www.tendals.net\/ca\/mosquiteres\/","title":{"rendered":"Mosquiteres"},"content":{"rendered":"<p>[et_pb_section fb_built=&#8221;1&#8243; admin_label=&#8221;Hero&#8221; _builder_version=&#8221;4.27.4&#8243; use_background_color_gradient=&#8221;on&#8221; background_color_gradient_type=&#8221;circular&#8221; background_color_gradient_direction_radial=&#8221;top left&#8221; background_color_gradient_stops=&#8221;rgba(40,40,40,0.81) 0%|rgba(40,40,40,0) 100%&#8221; background_color_gradient_overlays_image=&#8221;on&#8221; background_color_gradient_start=&#8221;rgba(40,40,40,0.79)&#8221; background_color_gradient_end=&#8221;rgba(40,40,40,0.86)&#8221; background_image=&#8221;https:\/\/www.tendals.net\/wp-content\/uploads\/2025\/02\/mosquiterasbanner.jpg&#8221; custom_margin=&#8221;||||false&#8221; custom_padding=&#8221;10vw||10vw||true|false&#8221; global_colors_info=&#8221;{}&#8221;][et_pb_row column_structure=&#8221;2_3,1_3&#8243; _builder_version=&#8221;4.16&#8243; global_colors_info=&#8221;{}&#8221;][et_pb_column type=&#8221;2_3&#8243; _builder_version=&#8221;4.16&#8243; custom_padding=&#8221;|||&#8221; global_colors_info=&#8221;{}&#8221; custom_padding__hover=&#8221;|||&#8221;][et_pb_text _builder_version=&#8221;4.27.4&#8243; text_font=&#8221;||||||||&#8221; header_font=&#8221;|700|||||||&#8221; header_font_size=&#8221;64px&#8221; header_line_height=&#8221;1.1em&#8221; background_layout=&#8221;dark&#8221; max_width=&#8221;800px&#8221; custom_margin=&#8221;||0px|&#8221; custom_padding=&#8221;|||16px&#8221; text_font_size_tablet=&#8221;14px&#8221; text_font_size_last_edited=&#8221;off|desktop&#8221; header_font_size_tablet=&#8221;44px&#8221; header_font_size_phone=&#8221;32px&#8221; header_font_size_last_edited=&#8221;on|phone&#8221; border_color_all=&#8221;#ffb400&#8243; border_width_left=&#8221;10px&#8221; border_color_left=&#8221;gcid-45cb68b1-7df3-41e2-a582-9c561005bbb9&#8243; global_colors_info=&#8221;{%22gcid-45cb68b1-7df3-41e2-a582-9c561005bbb9%22:%91%22border_color_left%22%93}&#8221;]<\/p>\n<h1>Mosquiteres<\/h1>\n<p>[\/et_pb_text][et_pb_text _builder_version=&#8221;4.27.4&#8243; text_font=&#8221;||||||||&#8221; text_font_size=&#8221;20px&#8221; text_line_height=&#8221;1.6em&#8221; header_font=&#8221;||||||||&#8221; background_layout=&#8221;dark&#8221; max_width=&#8221;800px&#8221; custom_margin=&#8221;|||&#8221; custom_padding=&#8221;20px||20px||true&#8221; text_font_size_tablet=&#8221;18px&#8221; text_font_size_phone=&#8221;&#8221; text_font_size_last_edited=&#8221;on|phone&#8221; global_colors_info=&#8221;{}&#8221;]<\/p>\n<p>Oferim models adaptats a cada tipus de finestra i porta, amb materials resistents i dissenys discrets que s&#8217;integren perfectament al teu espai. Oblida&#8217;t dels molestos mosquits i instal\u00b7la una mosquitera de qualitat al teu habitatge o empresa. <\/p>\n<p>[\/et_pb_text][et_pb_button button_url=&#8221;\/ca\/demanar-pressupost\/&#8221; button_text=&#8221;Demana-la ara&#8221; _builder_version=&#8221;4.27.4&#8243; custom_button=&#8221;on&#8221; button_text_size=&#8221;14px&#8221; button_bg_color=&#8221;gcid-45cb68b1-7df3-41e2-a582-9c561005bbb9&#8243; button_border_width=&#8221;12px&#8221; button_border_color=&#8221;gcid-45cb68b1-7df3-41e2-a582-9c561005bbb9&#8243; button_border_radius=&#8221;0px&#8221; button_letter_spacing=&#8221;4px&#8221; button_font=&#8221;|700||on|||||&#8221; button_icon=&#8221;&#x24;||divi||400&#8243; background_layout=&#8221;dark&#8221; custom_margin=&#8221;|||&#8221; hover_enabled=&#8221;0&#8243; global_colors_info=&#8221;{%22gcid-45cb68b1-7df3-41e2-a582-9c561005bbb9%22:%91%22button_bg_color%22,%22button_border_color%22%93}&#8221; button_text_size__hover_enabled=&#8221;off&#8221; button_one_text_size__hover_enabled=&#8221;off&#8221; button_two_text_size__hover_enabled=&#8221;off&#8221; button_text_color__hover_enabled=&#8221;off&#8221; button_one_text_color__hover_enabled=&#8221;off&#8221; button_two_text_color__hover_enabled=&#8221;off&#8221; button_border_width__hover_enabled=&#8221;off&#8221; button_one_border_width__hover_enabled=&#8221;off&#8221; button_two_border_width__hover_enabled=&#8221;off&#8221; button_border_color__hover_enabled=&#8221;off&#8221; button_one_border_color__hover_enabled=&#8221;off&#8221; button_two_border_color__hover_enabled=&#8221;off&#8221; button_border_radius__hover_enabled=&#8221;off&#8221; button_one_border_radius__hover_enabled=&#8221;off&#8221; button_two_border_radius__hover_enabled=&#8221;off&#8221; button_letter_spacing__hover_enabled=&#8221;off&#8221; button_one_letter_spacing__hover_enabled=&#8221;off&#8221; button_two_letter_spacing__hover_enabled=&#8221;off&#8221; button_bg_color__hover_enabled=&#8221;off&#8221; button_one_bg_color__hover_enabled=&#8221;off&#8221; button_two_bg_color__hover_enabled=&#8221;off&#8221; sticky_enabled=&#8221;0&#8243;][\/et_pb_button][\/et_pb_column][et_pb_column type=&#8221;1_3&#8243; _builder_version=&#8221;4.16&#8243; custom_padding=&#8221;|||&#8221; global_colors_info=&#8221;{}&#8221; custom_padding__hover=&#8221;|||&#8221;][\/et_pb_column][\/et_pb_row][\/et_pb_section][et_pb_section fb_built=&#8221;1&#8243; _builder_version=&#8221;4.27.4&#8243; _module_preset=&#8221;default&#8221; global_colors_info=&#8221;{}&#8221;][et_pb_row _builder_version=&#8221;4.27.4&#8243; _module_preset=&#8221;default&#8221; global_colors_info=&#8221;{}&#8221;][et_pb_column type=&#8221;4_4&#8243; _builder_version=&#8221;4.27.4&#8243; _module_preset=&#8221;default&#8221; global_colors_info=&#8221;{}&#8221;][et_pb_text _builder_version=&#8221;4.27.4&#8243; text_font=&#8221;||||||||&#8221; header_font=&#8221;||||||||&#8221; header_2_font=&#8221;|700|||||||&#8221; header_2_font_size=&#8221;42px&#8221; header_2_line_height=&#8221;1.2em&#8221; text_orientation=&#8221;center&#8221; module_alignment=&#8221;center&#8221; custom_margin=&#8221;|||&#8221; custom_padding=&#8221;|||&#8221; header_2_font_size_tablet=&#8221;&#8221; header_2_font_size_phone=&#8221;36px&#8221; header_2_font_size_last_edited=&#8221;on|phone&#8221; locked=&#8221;off&#8221; global_colors_info=&#8221;{}&#8221;]<\/p>\n<h2>Trieu la mosquitera ideal per al vostre espai<\/h2>\n<p>[\/et_pb_text][et_pb_text _builder_version=&#8221;4.27.4&#8243; _module_preset=&#8221;default&#8221; text_text_color=&#8221;#666666&#8243; text_font_size=&#8221;18px&#8221; text_line_height=&#8221;1.6em&#8221; header_font_size=&#8221;24px&#8221; header_line_height=&#8221;1.3em&#8221; header_2_font=&#8221;||||||||&#8221; text_orientation=&#8221;justified&#8221; global_colors_info=&#8221;{}&#8221;]<\/p>\n<h2 style=\"text-align: center;\">Cansat que els mosquits envaeixen la teva llar?<\/h2>\n<h2 style=\"text-align: center;\">Vols protegir-te de les molestes picades?<\/h2>\n<p>&nbsp;<\/p>\n<p>Con <strong>TENDALS I CORTINES CARDONA ESQUIUS<\/strong> podr\u00e1s olvidarte de los mosquitos gracias a nuestras mosquiteras en la provincia de Barcelona y alrededores.<\/p>\n<p>El nostre equip de professionals t&#8217;atendr\u00e0 amb la m\u00e0xima qualitat i dedicaci\u00f3, ajudant-te en tot el proc\u00e9s, des de la compra fins a la instal\u00b7laci\u00f3, per garantir-te resultats excel\u00b7lents.<\/p>\n<p>Disposem d&#8217;una \u00e0mplia varietat d&#8217;estils per adaptar-nos a les necessitats de tota la nostra clientela, ja siguin empreses o particulars. Ens encarreguem de tot amb professionalitat i comprom\u00eds. Oferim models adaptats a cada tipus de finestra i porta, amb materials resistents i malles d&#8217;alta qualitat amb acabats discrets que s&#8217;integren perfectament al teu espai, oferint una protecci\u00f3 excel\u00b7lent contra insectes sense comprometre la ventilaci\u00f3 i sense afectar la visibilitat ni l&#8217;entrada de llum.  <\/p>\n<p>No esperis m\u00e9s, lliura&#8217;t dels mosquits i <strong>truca&#8217;ns ara mateix<\/strong>.<\/p>\n<p>[\/et_pb_text][\/et_pb_column][\/et_pb_row][\/et_pb_section][et_pb_section fb_built=&#8221;1&#8243; admin_label=&#8221;Related Services&#8221; _builder_version=&#8221;4.16&#8243; background_color=&#8221;#f7f7f7&#8243; global_colors_info=&#8221;{}&#8221;][et_pb_row column_structure=&#8221;1_2,1_2&#8243; _builder_version=&#8221;4.16&#8243; global_colors_info=&#8221;{}&#8221;][et_pb_column type=&#8221;1_2&#8243; _builder_version=&#8221;4.16&#8243; custom_padding=&#8221;|||&#8221; global_colors_info=&#8221;{}&#8221; custom_padding__hover=&#8221;|||&#8221;][et_pb_text _builder_version=&#8221;4.27.4&#8243; text_font=&#8221;||||||||&#8221; header_font=&#8221;||||||||&#8221; header_2_font=&#8221;Rubik|700|||||||&#8221; header_2_font_size=&#8221;42px&#8221; header_2_line_height=&#8221;1.2em&#8221; module_alignment=&#8221;center&#8221; custom_margin=&#8221;||-2px|||&#8221; custom_padding=&#8221;|||&#8221; header_2_font_size_tablet=&#8221;&#8221; header_2_font_size_phone=&#8221;36px&#8221; header_2_font_size_last_edited=&#8221;on|phone&#8221; locked=&#8221;off&#8221; global_colors_info=&#8221;{}&#8221;]<\/p>\n<h2>Mosquitera Fixa<\/h2>\n<p>[\/et_pb_text][et_pb_divider color=&#8221;gcid-45cb68b1-7df3-41e2-a582-9c561005bbb9&#8243; divider_position=&#8221;center&#8221; divider_weight=&#8221;5px&#8221; _builder_version=&#8221;4.27.4&#8243; max_width=&#8221;50px&#8221; module_alignment=&#8221;left&#8221; locked=&#8221;off&#8221; global_colors_info=&#8221;{%22gcid-45cb68b1-7df3-41e2-a582-9c561005bbb9%22:%91%22color%22%93}&#8221;][\/et_pb_divider][et_pb_text _builder_version=&#8221;4.27.4&#8243; _module_preset=&#8221;default&#8221; text_font_size=&#8221;16px&#8221; global_colors_info=&#8221;{}&#8221;]<\/p>\n<p>S&#8217;instal\u00b7la de forma permanent a finestres o obertures on no sigui necessari retirar-la amb freq\u00fc\u00e8ncia.<\/p>\n<p>[\/et_pb_text][\/et_pb_column][et_pb_column type=&#8221;1_2&#8243; _builder_version=&#8221;4.16&#8243; custom_padding=&#8221;|||&#8221; global_colors_info=&#8221;{}&#8221; custom_padding__hover=&#8221;|||&#8221;][et_pb_gallery gallery_ids=&#8221;411,416,415&#8243; fullwidth=&#8221;on&#8221; _builder_version=&#8221;4.27.4&#8243; _module_preset=&#8221;default&#8221; width=&#8221;100%&#8221; max_width=&#8221;100%&#8221; module_alignment=&#8221;center&#8221; global_colors_info=&#8221;{}&#8221;][\/et_pb_gallery][\/et_pb_column][\/et_pb_row][\/et_pb_section][et_pb_section fb_built=&#8221;1&#8243; admin_label=&#8221;Related Services&#8221; _builder_version=&#8221;4.27.4&#8243; global_colors_info=&#8221;{}&#8221;][et_pb_row column_structure=&#8221;1_2,1_2&#8243; _builder_version=&#8221;4.16&#8243; global_colors_info=&#8221;{}&#8221;][et_pb_column type=&#8221;1_2&#8243; _builder_version=&#8221;4.16&#8243; custom_padding=&#8221;|||&#8221; global_colors_info=&#8221;{}&#8221; custom_padding__hover=&#8221;|||&#8221;][et_pb_gallery gallery_ids=&#8221;417&#8243; fullwidth=&#8221;on&#8221; _builder_version=&#8221;4.27.4&#8243; _module_preset=&#8221;default&#8221; width=&#8221;100%&#8221; max_width=&#8221;100%&#8221; module_alignment=&#8221;center&#8221; global_colors_info=&#8221;{}&#8221;][\/et_pb_gallery][\/et_pb_column][et_pb_column type=&#8221;1_2&#8243; _builder_version=&#8221;4.16&#8243; custom_padding=&#8221;|||&#8221; global_colors_info=&#8221;{}&#8221; custom_padding__hover=&#8221;|||&#8221;][et_pb_text _builder_version=&#8221;4.27.4&#8243; text_font=&#8221;||||||||&#8221; header_font=&#8221;||||||||&#8221; header_2_font=&#8221;Rubik|700|||||||&#8221; header_2_font_size=&#8221;42px&#8221; header_2_line_height=&#8221;1.2em&#8221; module_alignment=&#8221;center&#8221; custom_margin=&#8221;||-2px|||&#8221; custom_padding=&#8221;|||&#8221; header_2_font_size_tablet=&#8221;&#8221; header_2_font_size_phone=&#8221;36px&#8221; header_2_font_size_last_edited=&#8221;on|phone&#8221; locked=&#8221;off&#8221; global_colors_info=&#8221;{}&#8221;]<\/p>\n<h2>Mosquitera Corredera<\/h2>\n<p>[\/et_pb_text][et_pb_divider color=&#8221;gcid-45cb68b1-7df3-41e2-a582-9c561005bbb9&#8243; divider_position=&#8221;center&#8221; divider_weight=&#8221;5px&#8221; _builder_version=&#8221;4.27.4&#8243; max_width=&#8221;50px&#8221; module_alignment=&#8221;left&#8221; locked=&#8221;off&#8221; global_colors_info=&#8221;{%22gcid-45cb68b1-7df3-41e2-a582-9c561005bbb9%22:%91%22color%22%93}&#8221;][\/et_pb_divider][et_pb_text _builder_version=&#8221;4.27.4&#8243; _module_preset=&#8221;default&#8221; text_font_size=&#8221;16px&#8221; global_colors_info=&#8221;{}&#8221;]Dissenyada per instal\u00b7lar-se en finestres i portes corredisses, llisca suaument sobre un marc sense necessitat d&#8217;obrir o retirar la mosquitera.[\/et_pb_text][\/et_pb_column][\/et_pb_row][\/et_pb_section][et_pb_section fb_built=&#8221;1&#8243; admin_label=&#8221;Related Services&#8221; _builder_version=&#8221;4.16&#8243; background_color=&#8221;#f7f7f7&#8243; global_colors_info=&#8221;{}&#8221;][et_pb_row column_structure=&#8221;1_2,1_2&#8243; _builder_version=&#8221;4.16&#8243; global_colors_info=&#8221;{}&#8221;][et_pb_column type=&#8221;1_2&#8243; _builder_version=&#8221;4.16&#8243; custom_padding=&#8221;|||&#8221; global_colors_info=&#8221;{}&#8221; custom_padding__hover=&#8221;|||&#8221;][et_pb_text _builder_version=&#8221;4.27.4&#8243; text_font=&#8221;||||||||&#8221; header_font=&#8221;||||||||&#8221; header_2_font=&#8221;Rubik|700|||||||&#8221; header_2_font_size=&#8221;42px&#8221; header_2_line_height=&#8221;1.2em&#8221; module_alignment=&#8221;center&#8221; custom_margin=&#8221;||-2px|||&#8221; custom_padding=&#8221;|||&#8221; header_2_font_size_tablet=&#8221;&#8221; header_2_font_size_phone=&#8221;36px&#8221; header_2_font_size_last_edited=&#8221;on|phone&#8221; locked=&#8221;off&#8221; global_colors_info=&#8221;{}&#8221;]<\/p>\n<h2>Mosquitera Enrotllable Vertical<\/h2>\n<p>[\/et_pb_text][et_pb_divider color=&#8221;gcid-45cb68b1-7df3-41e2-a582-9c561005bbb9&#8243; divider_position=&#8221;center&#8221; divider_weight=&#8221;5px&#8221; _builder_version=&#8221;4.27.4&#8243; max_width=&#8221;50px&#8221; module_alignment=&#8221;left&#8221; locked=&#8221;off&#8221; global_colors_info=&#8221;{%22gcid-45cb68b1-7df3-41e2-a582-9c561005bbb9%22:%91%22color%22%93}&#8221;][\/et_pb_divider][et_pb_text _builder_version=&#8221;4.27.4&#8243; _module_preset=&#8221;default&#8221; text_font_size=&#8221;16px&#8221; global_colors_info=&#8221;{}&#8221;]Pr\u00e0ctica i vers\u00e0til, permet protegir la teva llar dels insectes amb un sistema que s&#8217;enrotlla i es desenrotlla f\u00e0cilment en sentit vertical. S&#8217;instal\u00b7la a finestres i portes, oferint una soluci\u00f3 discreta i funcional. El seu mecanisme de moll garanteix un tancament c\u00f2mode i segur, mantenint la ventilaci\u00f3 sense obstruccions. [\/et_pb_text][\/et_pb_column][et_pb_column type=&#8221;1_2&#8243; _builder_version=&#8221;4.16&#8243; custom_padding=&#8221;|||&#8221; global_colors_info=&#8221;{}&#8221; custom_padding__hover=&#8221;|||&#8221;][et_pb_gallery gallery_ids=&#8221;413,412,414,416,417,415,658&#8243; fullwidth=&#8221;on&#8221; _builder_version=&#8221;4.27.4&#8243; _module_preset=&#8221;default&#8221; width=&#8221;100%&#8221; max_width=&#8221;100%&#8221; module_alignment=&#8221;center&#8221; global_colors_info=&#8221;{}&#8221;][\/et_pb_gallery][\/et_pb_column][\/et_pb_row][\/et_pb_section][et_pb_section fb_built=&#8221;1&#8243; admin_label=&#8221;Related Services&#8221; _builder_version=&#8221;4.27.4&#8243; global_colors_info=&#8221;{}&#8221;][et_pb_row column_structure=&#8221;1_2,1_2&#8243; _builder_version=&#8221;4.16&#8243; global_colors_info=&#8221;{}&#8221;][et_pb_column type=&#8221;1_2&#8243; _builder_version=&#8221;4.16&#8243; custom_padding=&#8221;|||&#8221; global_colors_info=&#8221;{}&#8221; custom_padding__hover=&#8221;|||&#8221;][et_pb_gallery gallery_ids=&#8221;653,654,655,656&#8243; fullwidth=&#8221;on&#8221; _builder_version=&#8221;4.27.4&#8243; _module_preset=&#8221;default&#8221; width=&#8221;100%&#8221; max_width=&#8221;100%&#8221; module_alignment=&#8221;center&#8221; global_colors_info=&#8221;{}&#8221;][\/et_pb_gallery][\/et_pb_column][et_pb_column type=&#8221;1_2&#8243; _builder_version=&#8221;4.16&#8243; custom_padding=&#8221;|||&#8221; global_colors_info=&#8221;{}&#8221; custom_padding__hover=&#8221;|||&#8221;][et_pb_text _builder_version=&#8221;4.27.4&#8243; text_font=&#8221;||||||||&#8221; header_font=&#8221;||||||||&#8221; header_2_font=&#8221;Rubik|700|||||||&#8221; header_2_font_size=&#8221;42px&#8221; header_2_line_height=&#8221;1.2em&#8221; module_alignment=&#8221;center&#8221; custom_margin=&#8221;||-2px|||&#8221; custom_padding=&#8221;|||&#8221; header_2_font_size_tablet=&#8221;&#8221; header_2_font_size_phone=&#8221;36px&#8221; header_2_font_size_last_edited=&#8221;on|phone&#8221; locked=&#8221;off&#8221; global_colors_info=&#8221;{}&#8221;]<\/p>\n<h2>Mosquitera Plisada<\/h2>\n<p>[\/et_pb_text][et_pb_divider color=&#8221;gcid-45cb68b1-7df3-41e2-a582-9c561005bbb9&#8243; divider_position=&#8221;center&#8221; divider_weight=&#8221;5px&#8221; _builder_version=&#8221;4.27.4&#8243; max_width=&#8221;50px&#8221; module_alignment=&#8221;left&#8221; locked=&#8221;off&#8221; global_colors_info=&#8221;{%22gcid-45cb68b1-7df3-41e2-a582-9c561005bbb9%22:%91%22color%22%93}&#8221;][\/et_pb_divider][et_pb_text _builder_version=&#8221;4.27.4&#8243; _module_preset=&#8221;default&#8221; text_font_size=&#8221;16px&#8221; global_colors_info=&#8221;{}&#8221;]Elegant i funcional, la mosquitera prisada es plega en forma d&#8217;acordi\u00f3, oferint un lliscament suau i un disseny discret. Ideal per a portes i finestres de grans dimensions, el seu sistema sense molls en facilita l&#8217;\u00fas i perllonga la durabilitat. Perfecta per als que busquen comoditat i estil.[\/et_pb_text][\/et_pb_column][\/et_pb_row][\/et_pb_section][et_pb_section fb_built=&#8221;1&#8243; admin_label=&#8221;Related Services&#8221; _builder_version=&#8221;4.16&#8243; background_color=&#8221;#f7f7f7&#8243; global_colors_info=&#8221;{}&#8221;][et_pb_row column_structure=&#8221;1_2,1_2&#8243; _builder_version=&#8221;4.16&#8243; global_colors_info=&#8221;{}&#8221;][et_pb_column type=&#8221;1_2&#8243; _builder_version=&#8221;4.16&#8243; custom_padding=&#8221;|||&#8221; global_colors_info=&#8221;{}&#8221; custom_padding__hover=&#8221;|||&#8221;][et_pb_text _builder_version=&#8221;4.27.4&#8243; text_font=&#8221;||||||||&#8221; header_font=&#8221;||||||||&#8221; header_2_font=&#8221;Rubik|700|||||||&#8221; header_2_font_size=&#8221;42px&#8221; header_2_line_height=&#8221;1.2em&#8221; module_alignment=&#8221;center&#8221; custom_margin=&#8221;||-2px|||&#8221; custom_padding=&#8221;|||&#8221; header_2_font_size_tablet=&#8221;&#8221; header_2_font_size_phone=&#8221;36px&#8221; header_2_font_size_last_edited=&#8221;on|phone&#8221; locked=&#8221;off&#8221; global_colors_info=&#8221;{}&#8221;]<\/p>\n<h2>Mosquitera Practicable<\/h2>\n<p>[\/et_pb_text][et_pb_divider color=&#8221;gcid-45cb68b1-7df3-41e2-a582-9c561005bbb9&#8243; divider_position=&#8221;center&#8221; divider_weight=&#8221;5px&#8221; _builder_version=&#8221;4.27.4&#8243; max_width=&#8221;50px&#8221; module_alignment=&#8221;left&#8221; locked=&#8221;off&#8221; global_colors_info=&#8221;{%22gcid-45cb68b1-7df3-41e2-a582-9c561005bbb9%22:%91%22color%22%93}&#8221;][\/et_pb_divider][et_pb_text _builder_version=&#8221;4.27.4&#8243; _module_preset=&#8221;default&#8221; text_font_size=&#8221;16px&#8221; global_colors_info=&#8221;{}&#8221;]Una soluci\u00f3 resistent i funcional, ideal per a portes freq\u00fcents. El sistema abatible permet obrir-la i tancar-la amb facilitat, com si fos una porta convencional. Perfecta per a accessos a terrasses, balcons o jard\u00ed.[\/et_pb_text][\/et_pb_column][et_pb_column type=&#8221;1_2&#8243; _builder_version=&#8221;4.16&#8243; custom_padding=&#8221;|||&#8221; global_colors_info=&#8221;{}&#8221; custom_padding__hover=&#8221;|||&#8221;][et_pb_gallery gallery_ids=&#8221;411,416,415&#8243; fullwidth=&#8221;on&#8221; _builder_version=&#8221;4.27.4&#8243; _module_preset=&#8221;default&#8221; width=&#8221;100%&#8221; max_width=&#8221;100%&#8221; module_alignment=&#8221;center&#8221; global_colors_info=&#8221;{}&#8221;][\/et_pb_gallery][\/et_pb_column][\/et_pb_row][\/et_pb_section][et_pb_section fb_built=&#8221;1&#8243; admin_label=&#8221;Related Services&#8221; _builder_version=&#8221;4.27.4&#8243; global_colors_info=&#8221;{}&#8221;][et_pb_row column_structure=&#8221;1_2,1_2&#8243; _builder_version=&#8221;4.16&#8243; global_colors_info=&#8221;{}&#8221;][et_pb_column type=&#8221;1_2&#8243; _builder_version=&#8221;4.16&#8243; custom_padding=&#8221;|||&#8221; global_colors_info=&#8221;{}&#8221; custom_padding__hover=&#8221;|||&#8221;][et_pb_gallery gallery_ids=&#8221;412,413,414,417&#8243; fullwidth=&#8221;on&#8221; _builder_version=&#8221;4.27.4&#8243; _module_preset=&#8221;default&#8221; width=&#8221;100%&#8221; max_width=&#8221;100%&#8221; module_alignment=&#8221;center&#8221; global_colors_info=&#8221;{}&#8221;][\/et_pb_gallery][\/et_pb_column][et_pb_column type=&#8221;1_2&#8243; _builder_version=&#8221;4.16&#8243; custom_padding=&#8221;|||&#8221; global_colors_info=&#8221;{}&#8221; custom_padding__hover=&#8221;|||&#8221;][et_pb_text _builder_version=&#8221;4.27.4&#8243; text_font=&#8221;||||||||&#8221; header_font=&#8221;||||||||&#8221; header_2_font=&#8221;Rubik|700|||||||&#8221; header_2_font_size=&#8221;42px&#8221; header_2_line_height=&#8221;1.2em&#8221; module_alignment=&#8221;center&#8221; custom_margin=&#8221;||-2px|||&#8221; custom_padding=&#8221;|||&#8221; header_2_font_size_tablet=&#8221;&#8221; header_2_font_size_phone=&#8221;36px&#8221; header_2_font_size_last_edited=&#8221;on|phone&#8221; locked=&#8221;off&#8221; global_colors_info=&#8221;{}&#8221;]<\/p>\n<h2>Mosquitera Enrotllable Lateral<\/h2>\n<p>[\/et_pb_text][et_pb_divider color=&#8221;gcid-45cb68b1-7df3-41e2-a582-9c561005bbb9&#8243; divider_position=&#8221;center&#8221; divider_weight=&#8221;5px&#8221; _builder_version=&#8221;4.27.4&#8243; max_width=&#8221;50px&#8221; module_alignment=&#8221;left&#8221; locked=&#8221;off&#8221; global_colors_info=&#8221;{%22gcid-45cb68b1-7df3-41e2-a582-9c561005bbb9%22:%91%22color%22%93}&#8221;][\/et_pb_divider][et_pb_text _builder_version=&#8221;4.27.4&#8243; _module_preset=&#8221;default&#8221; text_font_size=&#8221;16px&#8221; global_colors_info=&#8221;{}&#8221;]Dissenyada especialment per a portes. El sistema enrotllable lateral permet obrir i tancar la mosquitera de forma c\u00f2moda.[\/et_pb_text][\/et_pb_column][\/et_pb_row][\/et_pb_section][et_pb_section fb_built=&#8221;1&#8243; _builder_version=&#8221;4.27.4&#8243; _module_preset=&#8221;default&#8221; global_colors_info=&#8221;{}&#8221;][et_pb_row _builder_version=&#8221;4.27.4&#8243; _module_preset=&#8221;default&#8221; global_colors_info=&#8221;{}&#8221;][et_pb_column type=&#8221;4_4&#8243; _builder_version=&#8221;4.27.4&#8243; _module_preset=&#8221;default&#8221; global_colors_info=&#8221;{}&#8221;][et_pb_text _builder_version=&#8221;4.27.4&#8243; text_font=&#8221;||||||||&#8221; header_font=&#8221;||||||||&#8221; header_2_font=&#8221;Rubik|700|||||||&#8221; header_2_font_size=&#8221;42px&#8221; header_2_line_height=&#8221;1.2em&#8221; text_orientation=&#8221;center&#8221; module_alignment=&#8221;center&#8221; custom_margin=&#8221;|||&#8221; custom_padding=&#8221;|||&#8221; header_2_font_size_tablet=&#8221;&#8221; header_2_font_size_phone=&#8221;36px&#8221; header_2_font_size_last_edited=&#8221;on|phone&#8221; locked=&#8221;off&#8221; global_colors_info=&#8221;{}&#8221;]<\/p>\n<h2>Beneficis de les nostres mosquiteres<\/h2>\n<p>[\/et_pb_text][\/et_pb_column][\/et_pb_row][et_pb_row column_structure=&#8221;1_2,1_2&#8243; _builder_version=&#8221;4.27.4&#8243; _module_preset=&#8221;default&#8221; global_colors_info=&#8221;{}&#8221;][et_pb_column type=&#8221;1_2&#8243; _builder_version=&#8221;4.27.4&#8243; _module_preset=&#8221;default&#8221; global_colors_info=&#8221;{}&#8221;][et_pb_text _builder_version=&#8221;4.27.4&#8243; _module_preset=&#8221;default&#8221; text_font_size=&#8221;16px&#8221; global_colors_info=&#8221;{}&#8221;]<\/p>\n<p>Les cortines mosquiteres s\u00f3n una soluci\u00f3 pr\u00e0ctica i efectiva per protegir la vostra llar o negoci d&#8217;insectes no desitjats sense comprometre la ventilaci\u00f3 ni l&#8217;entrada de llum natural. S\u00f3n una<strong> inversi\u00f3 intel\u00b7ligent per als que busquen comoditat, protecci\u00f3 i efici\u00e8ncia a la llar<\/strong> o en qualsevol espai. <\/p>\n<p>[\/et_pb_text][\/et_pb_column][et_pb_column type=&#8221;1_2&#8243; _builder_version=&#8221;4.27.4&#8243; _module_preset=&#8221;default&#8221; global_colors_info=&#8221;{}&#8221;][et_pb_blurb title=&#8221;Protecci\u00f3 efica\u00e7 contra insectes&#8221; use_icon=&#8221;on&#8221; font_icon=&#8221;&#x4e;||divi||400&#8243; icon_color=&#8221;gcid-45cb68b1-7df3-41e2-a582-9c561005bbb9&#8243; icon_placement=&#8221;left&#8221; image_icon_width=&#8221;51px&#8221; content_max_width=&#8221;1100px&#8221; _builder_version=&#8221;4.27.4&#8243; header_font=&#8221;|700|||||||&#8221; header_text_color=&#8221;gcid-heading-color&#8221; header_font_size=&#8221;16px&#8221; header_line_height=&#8221;1.4em&#8221; body_font=&#8221;||||||||&#8221; body_text_color=&#8221;#666666&#8243; body_font_size=&#8221;16px&#8221; body_line_height=&#8221;1.4em&#8221; background_layout=&#8221;dark&#8221; module_alignment=&#8221;center&#8221; animation_style=&#8221;slide&#8221; animation_direction=&#8221;right&#8221; animation_intensity_slide=&#8221;5%&#8221; animation=&#8221;off&#8221; icon_font_size=&#8221;22px&#8221; locked=&#8221;off&#8221; global_colors_info=&#8221;{%22gcid-45cb68b1-7df3-41e2-a582-9c561005bbb9%22:%91%22icon_color%22%93,%22gcid-heading-color%22:%91%22header_text_color%22%93}&#8221;]<\/p>\n<p>Gaudeix de l&#8217;aire fresc sense preocupacions.<\/p>\n<p>[\/et_pb_blurb][et_pb_blurb title=&#8221;Varietat de models&#8221; use_icon=&#8221;on&#8221; font_icon=&#8221;&#x4e;||divi||400&#8243; icon_color=&#8221;gcid-45cb68b1-7df3-41e2-a582-9c561005bbb9&#8243; icon_placement=&#8221;left&#8221; image_icon_width=&#8221;51px&#8221; content_max_width=&#8221;1100px&#8221; title_last_edited=&#8221;off|desktop&#8221; _builder_version=&#8221;4.27.4&#8243; header_font=&#8221;|700|||||||&#8221; header_text_color=&#8221;gcid-heading-color&#8221; header_font_size=&#8221;16px&#8221; header_line_height=&#8221;1.4em&#8221; body_font=&#8221;||||||||&#8221; body_text_color=&#8221;#666666&#8243; body_font_size=&#8221;16px&#8221; body_line_height=&#8221;1.4em&#8221; background_layout=&#8221;dark&#8221; module_alignment=&#8221;center&#8221; animation_style=&#8221;slide&#8221; animation_direction=&#8221;right&#8221; animation_intensity_slide=&#8221;5%&#8221; animation=&#8221;off&#8221; icon_font_size=&#8221;22px&#8221; locked=&#8221;off&#8221; global_colors_info=&#8221;{%22gcid-45cb68b1-7df3-41e2-a582-9c561005bbb9%22:%91%22icon_color%22%93,%22gcid-heading-color%22:%91%22header_text_color%22%93}&#8221;]<\/p>\n<p>S&#8217;adapten a qualsevol mena de finestra o porta.<\/p>\n<p>[\/et_pb_blurb][et_pb_blurb title=&#8221;Materials d&apos;alta qualitat&#8221; use_icon=&#8221;on&#8221; font_icon=&#8221;&#x4e;||divi||400&#8243; icon_color=&#8221;gcid-45cb68b1-7df3-41e2-a582-9c561005bbb9&#8243; icon_placement=&#8221;left&#8221; image_icon_width=&#8221;51px&#8221; content_max_width=&#8221;1100px&#8221; _builder_version=&#8221;4.27.4&#8243; header_font=&#8221;|700|||||||&#8221; header_text_color=&#8221;gcid-heading-color&#8221; header_font_size=&#8221;16px&#8221; header_line_height=&#8221;1.4em&#8221; body_font=&#8221;||||||||&#8221; body_text_color=&#8221;#666666&#8243; body_font_size=&#8221;16px&#8221; body_line_height=&#8221;1.4em&#8221; background_layout=&#8221;dark&#8221; module_alignment=&#8221;center&#8221; animation_style=&#8221;slide&#8221; animation_direction=&#8221;right&#8221; animation_intensity_slide=&#8221;5%&#8221; animation=&#8221;off&#8221; icon_font_size=&#8221;22px&#8221; locked=&#8221;off&#8221; global_colors_info=&#8221;{%22gcid-45cb68b1-7df3-41e2-a582-9c561005bbb9%22:%91%22icon_color%22%93,%22gcid-heading-color%22:%91%22header_text_color%22%93}&#8221;]<\/p>\n<p>Resistents a la intemp\u00e8rie i al desgast.<\/p>\n<p>[\/et_pb_blurb][et_pb_blurb title=&#8221;F\u00e0cil instal\u00b7laci\u00f3 i manteniment&#8221; use_icon=&#8221;on&#8221; font_icon=&#8221;&#x4e;||divi||400&#8243; icon_color=&#8221;gcid-45cb68b1-7df3-41e2-a582-9c561005bbb9&#8243; icon_placement=&#8221;left&#8221; image_icon_width=&#8221;51px&#8221; content_max_width=&#8221;1100px&#8221; _builder_version=&#8221;4.27.4&#8243; header_font=&#8221;|700|||||||&#8221; header_text_color=&#8221;gcid-heading-color&#8221; header_font_size=&#8221;16px&#8221; header_line_height=&#8221;1.4em&#8221; body_font=&#8221;||||||||&#8221; body_text_color=&#8221;#666666&#8243; body_font_size=&#8221;16px&#8221; body_line_height=&#8221;1.4em&#8221; background_layout=&#8221;dark&#8221; module_alignment=&#8221;center&#8221; animation_style=&#8221;slide&#8221; animation_direction=&#8221;right&#8221; animation_intensity_slide=&#8221;5%&#8221; animation=&#8221;off&#8221; icon_font_size=&#8221;22px&#8221; locked=&#8221;off&#8221; global_colors_info=&#8221;{%22gcid-45cb68b1-7df3-41e2-a582-9c561005bbb9%22:%91%22icon_color%22%93,%22gcid-heading-color%22:%91%22header_text_color%22%93}&#8221;]<\/p>\n<p>Dissenys pr\u00e0ctics i duradors.<\/p>\n<p>[\/et_pb_blurb][\/et_pb_column][\/et_pb_row][et_pb_row column_structure=&#8221;1_2,1_2&#8243; disabled_on=&#8221;on|on|on&#8221; _builder_version=&#8221;4.27.4&#8243; _module_preset=&#8221;default&#8221; disabled=&#8221;on&#8221; global_colors_info=&#8221;{}&#8221;][et_pb_column type=&#8221;1_2&#8243; _builder_version=&#8221;4.27.4&#8243; _module_preset=&#8221;default&#8221; global_colors_info=&#8221;{}&#8221;][et_pb_text _builder_version=&#8221;4.27.4&#8243; _module_preset=&#8221;default&#8221; text_font_size=&#8221;16px&#8221; text_orientation=&#8221;justified&#8221; global_colors_info=&#8221;{}&#8221;]<\/p>\n<p>Les cortines mosquiteres s\u00f3n una soluci\u00f3 pr\u00e0ctica i efectiva per protegir la vostra llar o negoci d&#8217;insectes no desitjats sense comprometre la ventilaci\u00f3 ni l&#8217;entrada de llum natural. S\u00f3n una<strong> inversi\u00f3 intel\u00b7ligent per als que busquen comoditat, protecci\u00f3 i efici\u00e8ncia a la llar<\/strong> o en qualsevol espai. <\/p>\n<p>A continuaci\u00f3, us presentem alguns dels seus principals beneficis:<\/p>\n<p>[\/et_pb_text][et_pb_blurb title=&#8221;1. Protecci\u00f3 contra insectes&#8221; use_icon=&#8221;on&#8221; font_icon=&#8221;&#x4e;||divi||400&#8243; icon_color=&#8221;gcid-45cb68b1-7df3-41e2-a582-9c561005bbb9&#8243; icon_placement=&#8221;left&#8221; image_icon_width=&#8221;51px&#8221; content_max_width=&#8221;1100px&#8221; _builder_version=&#8221;4.27.4&#8243; header_font=&#8221;|700|||||||&#8221; header_text_color=&#8221;gcid-heading-color&#8221; header_font_size=&#8221;16px&#8221; header_line_height=&#8221;1.4em&#8221; body_font=&#8221;||||||||&#8221; body_text_color=&#8221;#666666&#8243; body_font_size=&#8221;16px&#8221; body_line_height=&#8221;1.4em&#8221; background_layout=&#8221;dark&#8221; module_alignment=&#8221;center&#8221; animation_style=&#8221;slide&#8221; animation_direction=&#8221;right&#8221; animation_intensity_slide=&#8221;5%&#8221; animation=&#8221;off&#8221; icon_font_size=&#8221;22px&#8221; locked=&#8221;off&#8221; global_colors_info=&#8221;{%22gcid-45cb68b1-7df3-41e2-a582-9c561005bbb9%22:%91%22icon_color%22%93,%22gcid-heading-color%22:%91%22header_text_color%22%93}&#8221;]<\/p>\n<p>Les mosquiteres creen una barrera f\u00edsica que impedeix l&#8217;entrada de mosquits, mosques i altres insectes, cosa que ajuda a evitar picades i la transmissi\u00f3 de malalties.<\/p>\n<p>[\/et_pb_blurb][et_pb_blurb title=&#8221;2. Millora de la ventilaci\u00f3&#8221; use_icon=&#8221;on&#8221; font_icon=&#8221;&#x4e;||divi||400&#8243; icon_color=&#8221;gcid-45cb68b1-7df3-41e2-a582-9c561005bbb9&#8243; icon_placement=&#8221;left&#8221; image_icon_width=&#8221;51px&#8221; content_max_width=&#8221;1100px&#8221; _builder_version=&#8221;4.27.4&#8243; header_font=&#8221;|700|||||||&#8221; header_text_color=&#8221;gcid-heading-color&#8221; header_font_size=&#8221;16px&#8221; header_line_height=&#8221;1.4em&#8221; body_font=&#8221;||||||||&#8221; body_text_color=&#8221;#666666&#8243; body_font_size=&#8221;16px&#8221; body_line_height=&#8221;1.4em&#8221; background_layout=&#8221;dark&#8221; module_alignment=&#8221;center&#8221; animation_style=&#8221;slide&#8221; animation_direction=&#8221;right&#8221; animation_intensity_slide=&#8221;5%&#8221; animation=&#8221;off&#8221; icon_font_size=&#8221;22px&#8221; locked=&#8221;off&#8221; global_colors_info=&#8221;{%22gcid-45cb68b1-7df3-41e2-a582-9c561005bbb9%22:%91%22icon_color%22%93,%22gcid-heading-color%22:%91%22header_text_color%22%93}&#8221;]Permet mantenir portes i finestres obertes sense preocupar-se pels insectes, afavorint la circulaci\u00f3 de l&#8217;aire i reduint la necessitat de ventiladors o aire condicionat.[\/et_pb_blurb][et_pb_blurb title=&#8221;3. Estalvi energ\u00e8tic&#8221; use_icon=&#8221;on&#8221; font_icon=&#8221;&#x4e;||divi||400&#8243; icon_color=&#8221;gcid-45cb68b1-7df3-41e2-a582-9c561005bbb9&#8243; icon_placement=&#8221;left&#8221; image_icon_width=&#8221;51px&#8221; content_max_width=&#8221;1100px&#8221; _builder_version=&#8221;4.27.4&#8243; header_font=&#8221;|700|||||||&#8221; header_text_color=&#8221;gcid-heading-color&#8221; header_font_size=&#8221;16px&#8221; header_line_height=&#8221;1.4em&#8221; body_font=&#8221;||||||||&#8221; body_text_color=&#8221;#666666&#8243; body_font_size=&#8221;16px&#8221; body_line_height=&#8221;1.4em&#8221; background_layout=&#8221;dark&#8221; module_alignment=&#8221;center&#8221; animation_style=&#8221;slide&#8221; animation_direction=&#8221;right&#8221; animation_intensity_slide=&#8221;5%&#8221; animation=&#8221;off&#8221; icon_font_size=&#8221;22px&#8221; locked=&#8221;off&#8221; global_colors_info=&#8221;{%22gcid-45cb68b1-7df3-41e2-a582-9c561005bbb9%22:%91%22icon_color%22%93,%22gcid-heading-color%22:%91%22header_text_color%22%93}&#8221;]En permetre una ventilaci\u00f3 natural millor, les mosquiteres ajuden a reduir el consum d&#8217;electricitat en climatitzaci\u00f3, cosa que es tradueix en una menor despesa energ\u00e8tica i econ\u00f2mica.[\/et_pb_blurb][\/et_pb_column][et_pb_column type=&#8221;1_2&#8243; _builder_version=&#8221;4.27.4&#8243; _module_preset=&#8221;default&#8221; global_colors_info=&#8221;{}&#8221;][et_pb_blurb title=&#8221;4. Major confort i benestar&#8221; use_icon=&#8221;on&#8221; font_icon=&#8221;&#x4e;||divi||400&#8243; icon_color=&#8221;gcid-45cb68b1-7df3-41e2-a582-9c561005bbb9&#8243; icon_placement=&#8221;left&#8221; image_icon_width=&#8221;51px&#8221; content_max_width=&#8221;1100px&#8221; _builder_version=&#8221;4.27.4&#8243; header_font=&#8221;|700|||||||&#8221; header_text_color=&#8221;gcid-heading-color&#8221; header_font_size=&#8221;16px&#8221; header_line_height=&#8221;1.4em&#8221; body_font=&#8221;||||||||&#8221; body_text_color=&#8221;#666666&#8243; body_font_size=&#8221;16px&#8221; body_line_height=&#8221;1.4em&#8221; background_layout=&#8221;dark&#8221; module_alignment=&#8221;center&#8221; animation_style=&#8221;slide&#8221; animation_direction=&#8221;right&#8221; animation_intensity_slide=&#8221;5%&#8221; animation=&#8221;off&#8221; icon_font_size=&#8221;22px&#8221; locked=&#8221;off&#8221; global_colors_info=&#8221;{%22gcid-45cb68b1-7df3-41e2-a582-9c561005bbb9%22:%91%22icon_color%22%93,%22gcid-heading-color%22:%91%22header_text_color%22%93}&#8221;]Gaudir d&#8217;un ambient lliure d\u00b4insectes millora la qualitat de vida, permetent el descans sense interrupcions i la realitzaci\u00f3 d&#8217;activitats di\u00e0ries sense mol\u00e8sties.[\/et_pb_blurb][et_pb_blurb title=&#8221;5. Respecte al medi ambient&#8221; use_icon=&#8221;on&#8221; font_icon=&#8221;&#x4e;||divi||400&#8243; icon_color=&#8221;gcid-45cb68b1-7df3-41e2-a582-9c561005bbb9&#8243; icon_placement=&#8221;left&#8221; image_icon_width=&#8221;51px&#8221; content_max_width=&#8221;1100px&#8221; _builder_version=&#8221;4.27.4&#8243; header_font=&#8221;|700|||||||&#8221; header_text_color=&#8221;gcid-heading-color&#8221; header_font_size=&#8221;16px&#8221; header_line_height=&#8221;1.4em&#8221; body_font=&#8221;||||||||&#8221; body_text_color=&#8221;#666666&#8243; body_font_size=&#8221;16px&#8221; body_line_height=&#8221;1.4em&#8221; background_layout=&#8221;dark&#8221; module_alignment=&#8221;center&#8221; animation_style=&#8221;slide&#8221; animation_direction=&#8221;right&#8221; animation_intensity_slide=&#8221;5%&#8221; animation=&#8221;off&#8221; icon_font_size=&#8221;22px&#8221; locked=&#8221;off&#8221; global_colors_info=&#8221;{%22gcid-45cb68b1-7df3-41e2-a582-9c561005bbb9%22:%91%22icon_color%22%93,%22gcid-heading-color%22:%91%22header_text_color%22%93}&#8221;]En evitar l&#8217;\u00fas d&#8217;insecticides i repel\u00b7lents qu\u00edmics, les cortines mosquiteres representen una alternativa ecol\u00f2gica i segura per a la salut de les persones i les mascotes.[\/et_pb_blurb][et_pb_blurb title=&#8221;6. F\u00e0cil instal\u00b7laci\u00f3 i manteniment&#8221; use_icon=&#8221;on&#8221; font_icon=&#8221;&#x4e;||divi||400&#8243; icon_color=&#8221;gcid-45cb68b1-7df3-41e2-a582-9c561005bbb9&#8243; icon_placement=&#8221;left&#8221; image_icon_width=&#8221;51px&#8221; content_max_width=&#8221;1100px&#8221; _builder_version=&#8221;4.27.4&#8243; header_font=&#8221;|700|||||||&#8221; header_text_color=&#8221;gcid-heading-color&#8221; header_font_size=&#8221;16px&#8221; header_line_height=&#8221;1.4em&#8221; body_font=&#8221;||||||||&#8221; body_text_color=&#8221;#666666&#8243; body_font_size=&#8221;16px&#8221; body_line_height=&#8221;1.4em&#8221; background_layout=&#8221;dark&#8221; module_alignment=&#8221;center&#8221; animation_style=&#8221;slide&#8221; animation_direction=&#8221;right&#8221; animation_intensity_slide=&#8221;5%&#8221; animation=&#8221;off&#8221; icon_font_size=&#8221;22px&#8221; locked=&#8221;off&#8221; global_colors_info=&#8221;{%22gcid-45cb68b1-7df3-41e2-a582-9c561005bbb9%22:%91%22icon_color%22%93,%22gcid-heading-color%22:%91%22header_text_color%22%93}&#8221;]Les cortines mosquiteres s\u00f3n f\u00e0cils d&#8217;instal\u00b7lar i mantenir. Es poden netejar amb aigua i sab\u00f3, mantenint-les en perfecte estat durant molt de temps.[\/et_pb_blurb][et_pb_blurb title=&#8221;7. Versatilitat i disseny&#8221; use_icon=&#8221;on&#8221; font_icon=&#8221;&#x4e;||divi||400&#8243; icon_color=&#8221;gcid-45cb68b1-7df3-41e2-a582-9c561005bbb9&#8243; icon_placement=&#8221;left&#8221; image_icon_width=&#8221;51px&#8221; content_max_width=&#8221;1100px&#8221; _builder_version=&#8221;4.27.4&#8243; header_font=&#8221;|700|||||||&#8221; header_text_color=&#8221;gcid-heading-color&#8221; header_font_size=&#8221;16px&#8221; header_line_height=&#8221;1.4em&#8221; body_font=&#8221;||||||||&#8221; body_text_color=&#8221;#666666&#8243; body_font_size=&#8221;16px&#8221; body_line_height=&#8221;1.4em&#8221; background_layout=&#8221;dark&#8221; module_alignment=&#8221;center&#8221; animation_style=&#8221;slide&#8221; animation_direction=&#8221;right&#8221; animation_intensity_slide=&#8221;5%&#8221; animation=&#8221;off&#8221; icon_font_size=&#8221;22px&#8221; locked=&#8221;off&#8221; global_colors_info=&#8221;{%22gcid-45cb68b1-7df3-41e2-a582-9c561005bbb9%22:%91%22icon_color%22%93,%22gcid-heading-color%22:%91%22header_text_color%22%93}&#8221;]Hi ha diferents models adaptables a qualsevol tipus de finestra o porta, amb opcions enrotllables, fixes, corredisses o magn\u00e8tiques, que combinen funcionalitat i est\u00e8tica.[\/et_pb_blurb][\/et_pb_column][\/et_pb_row][\/et_pb_section][et_pb_section fb_built=&#8221;1&#8243; admin_label=&#8221;Related Services&#8221; _builder_version=&#8221;4.16&#8243; background_color=&#8221;#f7f7f7&#8243; global_colors_info=&#8221;{}&#8221;][et_pb_row _builder_version=&#8221;4.16&#8243; global_colors_info=&#8221;{}&#8221;][et_pb_column type=&#8221;4_4&#8243; _builder_version=&#8221;4.16&#8243; custom_padding=&#8221;|||&#8221; global_colors_info=&#8221;{}&#8221; custom_padding__hover=&#8221;|||&#8221;][et_pb_text _builder_version=&#8221;4.27.4&#8243; text_font=&#8221;||||||||&#8221; header_font=&#8221;||||||||&#8221; header_2_font=&#8221;Rubik|700|||||||&#8221; header_2_font_size=&#8221;42px&#8221; header_2_line_height=&#8221;1.2em&#8221; text_orientation=&#8221;center&#8221; module_alignment=&#8221;center&#8221; custom_margin=&#8221;|||&#8221; custom_padding=&#8221;|||&#8221; header_2_font_size_tablet=&#8221;&#8221; header_2_font_size_phone=&#8221;36px&#8221; header_2_font_size_last_edited=&#8221;on|phone&#8221; locked=&#8221;off&#8221; global_colors_info=&#8221;{}&#8221;]<\/p>\n<h2>Altres serveis<\/h2>\n<p>[\/et_pb_text][et_pb_divider color=&#8221;gcid-45cb68b1-7df3-41e2-a582-9c561005bbb9&#8243; divider_position=&#8221;center&#8221; divider_weight=&#8221;5px&#8221; _builder_version=&#8221;4.27.4&#8243; max_width=&#8221;50px&#8221; module_alignment=&#8221;center&#8221; locked=&#8221;off&#8221; global_colors_info=&#8221;{%22gcid-45cb68b1-7df3-41e2-a582-9c561005bbb9%22:%91%22color%22%93}&#8221;][\/et_pb_divider][\/et_pb_column][\/et_pb_row][et_pb_row column_structure=&#8221;1_3,1_3,1_3&#8243; use_custom_gutter=&#8221;on&#8221; gutter_width=&#8221;2&#8243; _builder_version=&#8221;4.27.4&#8243; global_colors_info=&#8221;{}&#8221;][et_pb_column type=&#8221;1_3&#8243; _builder_version=&#8221;4.27.4&#8243; custom_padding=&#8221;|||&#8221; global_colors_info=&#8221;{}&#8221; custom_padding__hover=&#8221;|||&#8221;][et_pb_blurb title=&#8221;Tendals&#8221; image=&#8221;https:\/\/www.tendals.net\/wp-content\/uploads\/2025\/02\/semi-cofre-01.jpg&#8221; _builder_version=&#8221;4.27.4&#8243; header_font=&#8221;|700|||||||&#8221; header_font_size=&#8221;18px&#8221; header_line_height=&#8221;1.8em&#8221; body_font=&#8221;||||||||&#8221; body_line_height=&#8221;1.8em&#8221; background_color=&#8221;#ffffff&#8221; text_orientation=&#8221;center&#8221; custom_padding=&#8221;30px|18px|30px|18px|true|true&#8221; animation_style=&#8221;slide&#8221; animation_direction=&#8221;bottom&#8221; animation_intensity_slide=&#8221;5%&#8221; animation=&#8221;off&#8221; link_option_url=&#8221;\/ca\/tendals\/&#8221; hover_enabled=&#8221;0&#8243; border_width_all=&#8221;1px&#8221; border_color_all=&#8221;#f4f4f4&#8243; border_width_bottom_image=&#8221;7px&#8221; border_color_bottom_image=&#8221;gcid-45cb68b1-7df3-41e2-a582-9c561005bbb9&#8243; box_shadow_style=&#8221;preset2&#8243; box_shadow_horizontal=&#8221;0px&#8221; box_shadow_vertical=&#8221;35px&#8221; box_shadow_blur=&#8221;115px&#8221; box_shadow_spread=&#8221;-25px&#8221; box_shadow_color=&#8221;rgba(0,0,0,0.15)&#8221; icon_font_size=&#8221;32px&#8221; global_colors_info=&#8221;{%22gcid-45cb68b1-7df3-41e2-a582-9c561005bbb9%22:%91%22border_color_all_image%22,%22border_color_bottom_image%22%93}&#8221; box_shadow_color__hover_enabled=&#8221;on&#8221; box_shadow_color__hover=&#8221;rgba(0,0,0,0.3)&#8221; box_shadow_blur__hover_enabled=&#8221;on&#8221; box_shadow_blur__hover=&#8221;125px&#8221; box_shadow_vertical__hover=&#8221;35px&#8221; custom_margin__hover_enabled=&#8221;on|hover&#8221; custom_margin__hover=&#8221;-5px||&#8221; sticky_enabled=&#8221;0&#8243;]<\/p>\n<p>Instal\u00b7lem i reparem <strong>tendals de diferents tipus<\/strong>, adaptats a cada necessitat i espai. Disposem de models cl\u00e0ssics i moderns amb una \u00e0mplia gamma de dissenys, colors i materials.<\/p>\n<p>[\/et_pb_blurb][\/et_pb_column][et_pb_column type=&#8221;1_3&#8243; _builder_version=&#8221;4.27.4&#8243; custom_padding=&#8221;|||&#8221; link_option_url=&#8221;\/cortinas&#8221; global_colors_info=&#8221;{}&#8221; custom_padding__hover=&#8221;|||&#8221;][et_pb_blurb title=&#8221;Cortines&#8221; image=&#8221;https:\/\/www.tendals.net\/wp-content\/uploads\/2025\/03\/Cortina-Estor-Noche-y-Dia-Lavabo.jpg&#8221; _builder_version=&#8221;4.27.4&#8243; header_font=&#8221;|700|||||||&#8221; header_font_size=&#8221;18px&#8221; header_line_height=&#8221;1.8em&#8221; body_font=&#8221;||||||||&#8221; body_line_height=&#8221;1.8em&#8221; background_color=&#8221;#ffffff&#8221; text_orientation=&#8221;center&#8221; custom_padding=&#8221;30px|18px|30px|18px|true|true&#8221; animation_style=&#8221;slide&#8221; animation_direction=&#8221;bottom&#8221; animation_intensity_slide=&#8221;5%&#8221; animation=&#8221;off&#8221; link_option_url=&#8221;\/ca\/cortines-i-estors\/&#8221; hover_enabled=&#8221;0&#8243; border_width_all=&#8221;1px&#8221; border_color_all=&#8221;#f4f4f4&#8243; border_width_bottom_image=&#8221;7px&#8221; border_color_bottom_image=&#8221;gcid-45cb68b1-7df3-41e2-a582-9c561005bbb9&#8243; box_shadow_style=&#8221;preset2&#8243; box_shadow_horizontal=&#8221;0px&#8221; box_shadow_vertical=&#8221;35px&#8221; box_shadow_blur=&#8221;115px&#8221; box_shadow_spread=&#8221;-25px&#8221; box_shadow_color=&#8221;rgba(0,0,0,0.15)&#8221; icon_font_size=&#8221;32px&#8221; locked=&#8221;off&#8221; global_colors_info=&#8221;{%22gcid-45cb68b1-7df3-41e2-a582-9c561005bbb9%22:%91%22border_color_all_image%22,%22border_color_bottom_image%22,%22icon_color%22,%22border_color_bottom_image%22%93}&#8221; box_shadow_color__hover=&#8221;rgba(0,0,0,0.3)&#8221; box_shadow_color__hover_enabled=&#8221;on&#8221; box_shadow_vertical__hover=&#8221;35px&#8221; box_shadow_blur__hover=&#8221;125px&#8221; box_shadow_blur__hover_enabled=&#8221;on&#8221; custom_margin__hover_enabled=&#8221;on|hover&#8221; custom_margin__hover=&#8221;-5px||&#8221; sticky_enabled=&#8221;0&#8243;]<\/p>\n<p>Les nostres cortines combinen <strong>funcionalitat i disseny<\/strong>, proporcionant privadesa, confort i regulaci\u00f3 de la llum en qualsevol estada.<\/p>\n<p>[\/et_pb_blurb][\/et_pb_column][et_pb_column type=&#8221;1_3&#8243; _builder_version=&#8221;4.27.4&#8243; custom_padding=&#8221;|||&#8221; link_option_url=&#8221;https:\/\/www.tendals.net\/ca\/mosquiteres\/&#8221; global_colors_info=&#8221;{}&#8221; custom_padding__hover=&#8221;|||&#8221;][et_pb_blurb title=&#8221;Teixits t\u00e8cnics&#8221; image=&#8221;https:\/\/www.tendals.net\/wp-content\/uploads\/2025\/02\/tejidos-lisos-1.jpg&#8221; _builder_version=&#8221;4.27.4&#8243; header_font=&#8221;|700|||||||&#8221; header_font_size=&#8221;18px&#8221; header_line_height=&#8221;1.8em&#8221; body_font=&#8221;||||||||&#8221; body_line_height=&#8221;1.8em&#8221; background_color=&#8221;#ffffff&#8221; text_orientation=&#8221;center&#8221; custom_padding=&#8221;30px|18px|30px|18px|true|true&#8221; animation_style=&#8221;slide&#8221; animation_direction=&#8221;bottom&#8221; animation_intensity_slide=&#8221;5%&#8221; animation=&#8221;off&#8221; link_option_url=&#8221;\/ca\/teixits\/&#8221; hover_enabled=&#8221;0&#8243; border_width_all=&#8221;1px&#8221; border_color_all=&#8221;#f4f4f4&#8243; border_width_bottom_image=&#8221;7px&#8221; border_color_bottom_image=&#8221;gcid-45cb68b1-7df3-41e2-a582-9c561005bbb9&#8243; box_shadow_style=&#8221;preset2&#8243; box_shadow_horizontal=&#8221;0px&#8221; box_shadow_vertical=&#8221;35px&#8221; box_shadow_blur=&#8221;115px&#8221; box_shadow_spread=&#8221;-25px&#8221; box_shadow_color=&#8221;rgba(0,0,0,0.15)&#8221; icon_font_size=&#8221;32px&#8221; locked=&#8221;off&#8221; global_colors_info=&#8221;{%22gcid-45cb68b1-7df3-41e2-a582-9c561005bbb9%22:%91%22border_color_all_image%22,%22border_color_bottom_image%22,%22icon_color%22,%22border_color_bottom_image%22%93}&#8221; box_shadow_color__hover=&#8221;rgba(0,0,0,0.3)&#8221; box_shadow_color__hover_enabled=&#8221;on&#8221; box_shadow_vertical__hover=&#8221;35px&#8221; box_shadow_blur__hover=&#8221;125px&#8221; box_shadow_blur__hover_enabled=&#8221;on&#8221; custom_margin__hover_enabled=&#8221;on|hover&#8221; custom_margin__hover=&#8221;-5px||&#8221; sticky_enabled=&#8221;0&#8243;]<\/p>\n<p>T&#8217;oferim una gran varietat de teixits resistents i amb dissenys atractius:<br \/>\u2714 Materials com <strong>Screen, Soltis 96 i Acr\u00edlic<\/strong>.<br \/>\u2714 Protecci\u00f3 UV i alta resist\u00e8ncia a les condicions clim\u00e0tiques.<br \/>\u2714 Diferents acabats: <strong>llisos, ratllats i transl\u00facids<\/strong>.<\/p>\n<p>[\/et_pb_blurb][\/et_pb_column][\/et_pb_row][et_pb_row _builder_version=&#8221;4.16&#8243; global_colors_info=&#8221;{}&#8221;][et_pb_column type=&#8221;4_4&#8243; _builder_version=&#8221;4.16&#8243; custom_padding=&#8221;|||&#8221; global_colors_info=&#8221;{}&#8221; custom_padding__hover=&#8221;|||&#8221;][et_pb_button button_url=&#8221;\/ca\/productes\/&#8221; button_text=&#8221;Veure tots&#8221; button_alignment=&#8221;center&#8221; _builder_version=&#8221;4.27.4&#8243; custom_button=&#8221;on&#8221; button_text_size=&#8221;14px&#8221; button_text_color=&#8221;#2a2a2a&#8221; button_border_width=&#8221;4px&#8221; button_border_radius=&#8221;0px&#8221; button_letter_spacing=&#8221;4px&#8221; button_font=&#8221;Rubik|700||on|||||&#8221; button_icon=&#8221;&#x24;||divi||400&#8243; custom_margin=&#8221;|||&#8221; custom_padding=&#8221;12px|30px|12px|30px|true|true&#8221; hover_enabled=&#8221;0&#8243; button_text_color_hover=&#8221;#ffffff&#8221; button_border_color_hover=&#8221;#2a2a2a&#8221; button_bg_color_hover=&#8221;#2a2a2a&#8221; locked=&#8221;off&#8221; global_colors_info=&#8221;{}&#8221; button_text_size__hover_enabled=&#8221;off&#8221; button_one_text_size__hover_enabled=&#8221;off&#8221; button_two_text_size__hover_enabled=&#8221;off&#8221; button_text_color__hover_enabled=&#8221;on&#8221; button_text_color__hover=&#8221;#ffffff&#8221; button_one_text_color__hover_enabled=&#8221;off&#8221; button_two_text_color__hover_enabled=&#8221;off&#8221; button_border_width__hover_enabled=&#8221;off&#8221; button_one_border_width__hover_enabled=&#8221;off&#8221; button_two_border_width__hover_enabled=&#8221;off&#8221; button_border_color__hover_enabled=&#8221;on&#8221; button_border_color__hover=&#8221;#2a2a2a&#8221; button_one_border_color__hover_enabled=&#8221;off&#8221; button_two_border_color__hover_enabled=&#8221;off&#8221; button_border_radius__hover_enabled=&#8221;off&#8221; button_one_border_radius__hover_enabled=&#8221;off&#8221; button_two_border_radius__hover_enabled=&#8221;off&#8221; button_letter_spacing__hover_enabled=&#8221;off&#8221; button_one_letter_spacing__hover_enabled=&#8221;off&#8221; button_two_letter_spacing__hover_enabled=&#8221;off&#8221; button_bg_color__hover_enabled=&#8221;on&#8221; button_bg_color__hover=&#8221;#2a2a2a&#8221; button_one_bg_color__hover_enabled=&#8221;off&#8221; button_two_bg_color__hover_enabled=&#8221;off&#8221; sticky_enabled=&#8221;0&#8243;][\/et_pb_button][\/et_pb_column][\/et_pb_row][\/et_pb_section][et_pb_section fb_built=&#8221;1&#8243; admin_label=&#8221;FAQ&#8221; _builder_version=&#8221;4.16&#8243; background_color=&#8221;#f7f7f7&#8243; global_colors_info=&#8221;{}&#8221;][et_pb_row column_structure=&#8221;1_3,2_3&#8243; _builder_version=&#8221;4.16&#8243; global_colors_info=&#8221;{}&#8221;][et_pb_column type=&#8221;1_3&#8243; _builder_version=&#8221;4.16&#8243; custom_padding=&#8221;|||&#8221; global_colors_info=&#8221;{}&#8221; custom_padding__hover=&#8221;|||&#8221;][et_pb_text _builder_version=&#8221;4.16&#8243; text_font=&#8221;||||||||&#8221; header_font=&#8221;||||||||&#8221; header_2_font=&#8221;Rubik|700|||||||&#8221; header_2_font_size=&#8221;42px&#8221; header_2_line_height=&#8221;1.2em&#8221; custom_margin=&#8221;|||&#8221; custom_padding=&#8221;|||&#8221; header_2_font_size_tablet=&#8221;&#8221; header_2_font_size_phone=&#8221;36px&#8221; header_2_font_size_last_edited=&#8221;on|phone&#8221; locked=&#8221;off&#8221; global_colors_info=&#8221;{}&#8221;]<\/p>\n<h2>F.A.Q.<\/h2>\n<p>[\/et_pb_text][et_pb_divider color=&#8221;gcid-45cb68b1-7df3-41e2-a582-9c561005bbb9&#8243; divider_position=&#8221;center&#8221; divider_weight=&#8221;5px&#8221; _builder_version=&#8221;4.27.4&#8243; max_width=&#8221;50px&#8221; locked=&#8221;off&#8221; global_colors_info=&#8221;{%22gcid-45cb68b1-7df3-41e2-a582-9c561005bbb9%22:%91%22color%22%93}&#8221;][\/et_pb_divider][et_pb_text _builder_version=&#8221;4.27.4&#8243; text_font=&#8221;||||||||&#8221; text_font_size=&#8221;15px&#8221; text_line_height=&#8221;1.8em&#8221; locked=&#8221;off&#8221; global_colors_info=&#8221;{}&#8221;]<strong>Tens m\u00e9s preguntes?<\/strong> Escriu-nos i estarem encantats d&#8217;ajudar-te. \ud83d\ude0a<br \/>\nConsulta totes les <a href=\"https:\/\/www.tendals.net\/ca\/faqs\/\">FAQS<\/a>.[\/et_pb_text][et_pb_button button_url=&#8221;\/ca\/contacte\/&#8221; button_text=&#8221;Contacta&#8221; _builder_version=&#8221;4.27.4&#8243; custom_button=&#8221;on&#8221; button_text_size=&#8221;14px&#8221; button_text_color=&#8221;gcid-45cb68b1-7df3-41e2-a582-9c561005bbb9&#8243; button_border_width=&#8221;4px&#8221; button_border_radius=&#8221;0px&#8221; button_letter_spacing=&#8221;4px&#8221; button_font=&#8221;Rubik|700||on|||||&#8221; button_icon=&#8221;&#x24;||divi||400&#8243; custom_padding=&#8221;12px|30px|12px|30px|true|true&#8221; hover_enabled=&#8221;0&#8243; button_text_color_hover=&#8221;#ffffff&#8221; button_border_color_hover=&#8221;#ffb400&#8243; button_bg_color_hover=&#8221;#ffb400&#8243; locked=&#8221;off&#8221; global_colors_info=&#8221;{%22gcid-45cb68b1-7df3-41e2-a582-9c561005bbb9%22:%91%22button_text_color%22,%22button_bg_color__hover%22,%22button_border_color__hover%22%93}&#8221; button_text_size__hover_enabled=&#8221;off&#8221; button_one_text_size__hover_enabled=&#8221;off&#8221; button_two_text_size__hover_enabled=&#8221;off&#8221; button_text_color__hover_enabled=&#8221;on|hover&#8221; button_text_color__hover=&#8221;#ffffff&#8221; button_one_text_color__hover_enabled=&#8221;off&#8221; button_two_text_color__hover_enabled=&#8221;off&#8221; button_border_width__hover_enabled=&#8221;off&#8221; button_one_border_width__hover_enabled=&#8221;off&#8221; button_two_border_width__hover_enabled=&#8221;off&#8221; button_border_color__hover_enabled=&#8221;on&#8221; button_border_color__hover=&#8221;#f16601&#8243; button_one_border_color__hover_enabled=&#8221;off&#8221; button_two_border_color__hover_enabled=&#8221;off&#8221; button_border_radius__hover_enabled=&#8221;off&#8221; button_one_border_radius__hover_enabled=&#8221;off&#8221; button_two_border_radius__hover_enabled=&#8221;off&#8221; button_letter_spacing__hover_enabled=&#8221;off&#8221; button_one_letter_spacing__hover_enabled=&#8221;off&#8221; button_two_letter_spacing__hover_enabled=&#8221;off&#8221; button_bg_color__hover_enabled=&#8221;on&#8221; button_bg_color__hover=&#8221;#f16601&#8243; button_one_bg_color__hover_enabled=&#8221;off&#8221; button_two_bg_color__hover_enabled=&#8221;off&#8221; button_bg_enable_color__hover=&#8221;on&#8221; sticky_enabled=&#8221;0&#8243;][\/et_pb_button][\/et_pb_column][et_pb_column type=&#8221;2_3&#8243; _builder_version=&#8221;4.16&#8243; custom_padding=&#8221;|||&#8221; global_colors_info=&#8221;{}&#8221; custom_padding__hover=&#8221;|||&#8221;][et_pb_accordion closed_toggle_text_color=&#8221;#2a2a2a&#8221; closed_toggle_background_color=&#8221;#ffffff&#8221; icon_color=&#8221;#f16601&#8243; _builder_version=&#8221;4.27.4&#8243; toggle_font=&#8221;Rubik|700|||||||&#8221; toggle_font_size=&#8221;18px&#8221; toggle_line_height=&#8221;1.4em&#8221; body_font=&#8221;||||||||&#8221; body_font_size=&#8221;15px&#8221; body_line_height=&#8221;1.8em&#8221; custom_margin=&#8221;|||&#8221; custom_padding=&#8221;|||&#8221; border_width_all=&#8221;0px&#8221; saved_tabs=&#8221;all&#8221; global_colors_info=&#8221;{%22gcid-45cb68b1-7df3-41e2-a582-9c561005bbb9%22:%91%22icon_color%22%93}&#8221;][et_pb_accordion_item title=&#8221;Quin tipus de mosquitera \u00e9s millor per a la meva llar o negoci?&#8221; open=&#8221;on&#8221; _builder_version=&#8221;4.27.4&#8243; custom_margin=&#8221;1px||1px||true&#8221; global_colors_info=&#8221;{}&#8221;]Dep\u00e8n del tipus d&#8217;obertura i \u00fas:<\/p>\n<li><strong>Fixes<\/strong>: perfectes per a finestres que no necessites obrir amb freq\u00fc\u00e8ncia.<\/li>\n<li><strong>Corredisses<\/strong>: dissenyades per a finestres i portes corredisses.<\/li>\n<p>[\/et_pb_accordion_item][et_pb_accordion_item title=&#8221;Les mosquiteres s\u00f3n resistents a l&apos;exterior?&#8221; _builder_version=&#8221;4.27.4&#8243; custom_margin=&#8221;1px||1px||true&#8221; global_colors_info=&#8221;{}&#8221; open=&#8221;off&#8221;]<\/p>\n<p>S\u00ed, les nostres mosquiteres estan fabricades amb materials d&#8217;alta qualitat, com ara alumini i fibra de vidre, que resisteixen la intemp\u00e8rie, els raigs UV i el desgast amb el temps.<\/p>\n<p>[\/et_pb_accordion_item][et_pb_accordion_item title=&#8221;Com es netegen les mosquiteres?&#8221; _builder_version=&#8221;4.27.4&#8243; custom_margin=&#8221;1px||1px||true&#8221; global_colors_info=&#8221;{}&#8221; open=&#8221;off&#8221;]El manteniment \u00e9s senzill:<\/p>\n<li><strong>Malla<\/strong>: neteja amb un drap humit o aspira suaument la pols acumulada.<\/li>\n<li><strong>Estructura d&#8217;alumini<\/strong>: passa un drap humit amb sab\u00f3 neutre.<\/li>\n<p>[\/et_pb_accordion_item][et_pb_accordion_item title=&#8221;Es poden instal\u00b7lar a qualsevol tipus de finestra o porta?&#8221; _builder_version=&#8221;4.27.4&#8243; custom_margin=&#8221;1px||1px||true&#8221; global_colors_info=&#8221;{}&#8221; open=&#8221;off&#8221;]S\u00ed, <strong>tenim solucions adaptades per a tot tipus d&#8217;obertura<\/strong>, ja siguin finestres tradicionals, portes corredisses, balconeres o fins i tot grans finestrals.[\/et_pb_accordion_item][et_pb_accordion_item title=&#8221;Ofereixen instal\u00b7laci\u00f3 professional?&#8221; _builder_version=&#8221;4.27.4&#8243; custom_margin=&#8221;1px||1px||true&#8221; global_colors_info=&#8221;{}&#8221; open=&#8221;off&#8221;]S\u00ed, el nostre equip s&#8217;encarrega del <strong>mesurament, fabricaci\u00f3 i instal\u00b7laci\u00f3<\/strong>, garantint un ajustament perfecte i un funcionament \u00f2ptim.[\/et_pb_accordion_item][et_pb_accordion_item title=&#8221;Quant de temps triga el proc\u00e9s d&apos;instal\u00b7laci\u00f3?&#8221; _builder_version=&#8221;4.27.4&#8243; custom_margin=&#8221;1px||1px||true&#8221; global_colors_info=&#8221;{}&#8221; open=&#8221;off&#8221;]Dep\u00e8n del tipus de mosquitera i la quantitat, per\u00f2 generalment en <strong data-start=\"2206\" data-end=\"2245\">una setmana des de la presa de mides<\/strong> ja podem fer la instal\u00b7laci\u00f3.<\/p>\n<ul data-start=\"1422\" data-end=\"1667\"><\/ul>\n<p>[\/et_pb_accordion_item][et_pb_accordion_item title=&#8221;Puc sol\u00b7licitar un pressupost sense comprom\u00eds?&#8221; _builder_version=&#8221;4.27.4&#8243; custom_margin=&#8221;1px||1px||true&#8221; global_colors_info=&#8221;{}&#8221; open=&#8221;off&#8221;]<\/p>\n<p>Per descomptat! Contacta&#8217;ns i t&#8217;ajudarem a triar la millor opci\u00f3. <\/p>\n<p><a href=\"https:\/\/www.tendals.net\/ca\/demanar-pressupost\/\">Contacta<\/a>|\ud83d\udcde <a href=\"tel:675321869\">675 321 869<\/a> | \ud83d\udce7 <a rel=\"noopener\" href=\"mailto:info@tendals.net\">info@tendals.net<\/a><\/p>\n<p>[\/et_pb_accordion_item][\/et_pb_accordion][\/et_pb_column][\/et_pb_row][\/et_pb_section]<\/p>\n","protected":false},"excerpt":{"rendered":"<p>MosquiteresOferim models adaptats a cada tipus de finestra i porta, amb materials resistents i dissenys discrets que s&#8217;integren perfectament al teu espai. Oblida&#8217;t dels molestos mosquits i instal\u00b7la una mosquitera de qualitat al teu habitatge o empresa. Trieu la mosquitera ideal per al vostre espaiCansat que els mosquits envaeixen la teva llar? Vols protegir-te de [&hellip;]<\/p>\n","protected":false},"author":3,"featured_media":0,"parent":0,"menu_order":0,"comment_status":"closed","ping_status":"closed","template":"","meta":{"_et_pb_use_builder":"on","_et_pb_old_content":"","_et_gb_content_width":"","_joinchat":[],"footnotes":""},"class_list":["post-1200","page","type-page","status-publish","hentry"],"yoast_head":"<!-- This site is optimized with the Yoast SEO plugin v26.9 - https:\/\/yoast.com\/product\/yoast-seo-wordpress\/ -->\n<title>Mosquiteres - Tendals i Cortines Cardona Esquius<\/title>\n<meta name=\"description\" content=\"Oblida&#039;t dels molestos mosquits i instal\u00b7la mosquiteres de qualitat al teu habitatge o empresa. Oferim models adaptats a cada tipus de finestra i porta, amb materials resistents i dissenys discrets que s&#039;integren perfectament al teu espai.\" \/>\n<meta name=\"robots\" content=\"index, follow, max-snippet:-1, max-image-preview:large, max-video-preview:-1\" \/>\n<link rel=\"canonical\" href=\"https:\/\/www.tendals.net\/ca\/mosquiteres\/\" \/>\n<meta property=\"og:locale\" content=\"ca_ES\" \/>\n<meta property=\"og:type\" content=\"article\" \/>\n<meta property=\"og:title\" content=\"Mosquiteres - Tendals i Cortines Cardona Esquius\" \/>\n<meta property=\"og:description\" content=\"Oblida&#039;t dels molestos mosquits i instal\u00b7la mosquiteres de qualitat al teu habitatge o empresa. Oferim models adaptats a cada tipus de finestra i porta, amb materials resistents i dissenys discrets que s&#039;integren perfectament al teu espai.\" \/>\n<meta property=\"og:url\" content=\"https:\/\/www.tendals.net\/ca\/mosquiteres\/\" \/>\n<meta property=\"og:site_name\" content=\"Tendals i Cortines Cardona Esquius\" \/>\n<meta property=\"article:modified_time\" content=\"2025-05-29T10:35:27+00:00\" \/>\n<meta name=\"twitter:card\" content=\"summary_large_image\" \/>\n<meta name=\"twitter:label1\" content=\"Temps estimat de lectura\" \/>\n\t<meta name=\"twitter:data1\" content=\"31 minuts\" \/>\n<script type=\"application\/ld+json\" class=\"yoast-schema-graph\">{\"@context\":\"https:\/\/schema.org\",\"@graph\":[{\"@type\":\"WebPage\",\"@id\":\"https:\/\/www.tendals.net\/ca\/mosquiteres\/\",\"url\":\"https:\/\/www.tendals.net\/ca\/mosquiteres\/\",\"name\":\"Mosquiteres - Tendals i Cortines Cardona Esquius\",\"isPartOf\":{\"@id\":\"https:\/\/www.tendals.net\/ca\/#website\"},\"datePublished\":\"2025-02-24T22:57:45+00:00\",\"dateModified\":\"2025-05-29T10:35:27+00:00\",\"description\":\"Oblida't dels molestos mosquits i instal\u00b7la mosquiteres de qualitat al teu habitatge o empresa. Oferim models adaptats a cada tipus de finestra i porta, amb materials resistents i dissenys discrets que s'integren perfectament al teu espai.\",\"breadcrumb\":{\"@id\":\"https:\/\/www.tendals.net\/ca\/mosquiteres\/#breadcrumb\"},\"inLanguage\":\"ca\",\"potentialAction\":[{\"@type\":\"ReadAction\",\"target\":[\"https:\/\/www.tendals.net\/ca\/mosquiteres\/\"]}]},{\"@type\":\"BreadcrumbList\",\"@id\":\"https:\/\/www.tendals.net\/ca\/mosquiteres\/#breadcrumb\",\"itemListElement\":[{\"@type\":\"ListItem\",\"position\":1,\"name\":\"Inici\",\"item\":\"https:\/\/www.tendals.net\/ca\/\"},{\"@type\":\"ListItem\",\"position\":2,\"name\":\"Mosquiteres\"}]},{\"@type\":\"WebSite\",\"@id\":\"https:\/\/www.tendals.net\/ca\/#website\",\"url\":\"https:\/\/www.tendals.net\/ca\/\",\"name\":\"Tendals i Cortines Cardona Esquius\",\"description\":\"Expertos en Toldos, Cortinas y Mosquiteras\",\"publisher\":{\"@id\":\"https:\/\/www.tendals.net\/ca\/#organization\"},\"potentialAction\":[{\"@type\":\"SearchAction\",\"target\":{\"@type\":\"EntryPoint\",\"urlTemplate\":\"https:\/\/www.tendals.net\/ca\/?s={search_term_string}\"},\"query-input\":{\"@type\":\"PropertyValueSpecification\",\"valueRequired\":true,\"valueName\":\"search_term_string\"}}],\"inLanguage\":\"ca\"},{\"@type\":\"Organization\",\"@id\":\"https:\/\/www.tendals.net\/ca\/#organization\",\"name\":\"Tendals i Cortines Cardona Esquius\",\"url\":\"https:\/\/www.tendals.net\/ca\/\",\"logo\":{\"@type\":\"ImageObject\",\"inLanguage\":\"ca\",\"@id\":\"https:\/\/www.tendals.net\/ca\/#\/schema\/logo\/image\/\",\"url\":\"https:\/\/www.tendals.net\/wp-content\/uploads\/2025\/02\/Cardona-logo.png\",\"contentUrl\":\"https:\/\/www.tendals.net\/wp-content\/uploads\/2025\/02\/Cardona-logo.png\",\"width\":778,\"height\":327,\"caption\":\"Tendals i Cortines Cardona Esquius\"},\"image\":{\"@id\":\"https:\/\/www.tendals.net\/ca\/#\/schema\/logo\/image\/\"}}]}<\/script>\n<!-- \/ Yoast SEO plugin. -->","yoast_head_json":{"title":"Mosquiteres - Tendals i Cortines Cardona Esquius","description":"Oblida't dels molestos mosquits i instal\u00b7la mosquiteres de qualitat al teu habitatge o empresa. Oferim models adaptats a cada tipus de finestra i porta, amb materials resistents i dissenys discrets que s'integren perfectament al teu espai.","robots":{"index":"index","follow":"follow","max-snippet":"max-snippet:-1","max-image-preview":"max-image-preview:large","max-video-preview":"max-video-preview:-1"},"canonical":"https:\/\/www.tendals.net\/ca\/mosquiteres\/","og_locale":"ca_ES","og_type":"article","og_title":"Mosquiteres - Tendals i Cortines Cardona Esquius","og_description":"Oblida't dels molestos mosquits i instal\u00b7la mosquiteres de qualitat al teu habitatge o empresa. Oferim models adaptats a cada tipus de finestra i porta, amb materials resistents i dissenys discrets que s'integren perfectament al teu espai.","og_url":"https:\/\/www.tendals.net\/ca\/mosquiteres\/","og_site_name":"Tendals i Cortines Cardona Esquius","article_modified_time":"2025-05-29T10:35:27+00:00","twitter_card":"summary_large_image","twitter_misc":{"Temps estimat de lectura":"31 minuts"},"schema":{"@context":"https:\/\/schema.org","@graph":[{"@type":"WebPage","@id":"https:\/\/www.tendals.net\/ca\/mosquiteres\/","url":"https:\/\/www.tendals.net\/ca\/mosquiteres\/","name":"Mosquiteres - Tendals i Cortines Cardona Esquius","isPartOf":{"@id":"https:\/\/www.tendals.net\/ca\/#website"},"datePublished":"2025-02-24T22:57:45+00:00","dateModified":"2025-05-29T10:35:27+00:00","description":"Oblida't dels molestos mosquits i instal\u00b7la mosquiteres de qualitat al teu habitatge o empresa. Oferim models adaptats a cada tipus de finestra i porta, amb materials resistents i dissenys discrets que s'integren perfectament al teu espai.","breadcrumb":{"@id":"https:\/\/www.tendals.net\/ca\/mosquiteres\/#breadcrumb"},"inLanguage":"ca","potentialAction":[{"@type":"ReadAction","target":["https:\/\/www.tendals.net\/ca\/mosquiteres\/"]}]},{"@type":"BreadcrumbList","@id":"https:\/\/www.tendals.net\/ca\/mosquiteres\/#breadcrumb","itemListElement":[{"@type":"ListItem","position":1,"name":"Inici","item":"https:\/\/www.tendals.net\/ca\/"},{"@type":"ListItem","position":2,"name":"Mosquiteres"}]},{"@type":"WebSite","@id":"https:\/\/www.tendals.net\/ca\/#website","url":"https:\/\/www.tendals.net\/ca\/","name":"Tendals i Cortines Cardona Esquius","description":"Expertos en Toldos, Cortinas y Mosquiteras","publisher":{"@id":"https:\/\/www.tendals.net\/ca\/#organization"},"potentialAction":[{"@type":"SearchAction","target":{"@type":"EntryPoint","urlTemplate":"https:\/\/www.tendals.net\/ca\/?s={search_term_string}"},"query-input":{"@type":"PropertyValueSpecification","valueRequired":true,"valueName":"search_term_string"}}],"inLanguage":"ca"},{"@type":"Organization","@id":"https:\/\/www.tendals.net\/ca\/#organization","name":"Tendals i Cortines Cardona Esquius","url":"https:\/\/www.tendals.net\/ca\/","logo":{"@type":"ImageObject","inLanguage":"ca","@id":"https:\/\/www.tendals.net\/ca\/#\/schema\/logo\/image\/","url":"https:\/\/www.tendals.net\/wp-content\/uploads\/2025\/02\/Cardona-logo.png","contentUrl":"https:\/\/www.tendals.net\/wp-content\/uploads\/2025\/02\/Cardona-logo.png","width":778,"height":327,"caption":"Tendals i Cortines Cardona Esquius"},"image":{"@id":"https:\/\/www.tendals.net\/ca\/#\/schema\/logo\/image\/"}}]}},"_links":{"self":[{"href":"https:\/\/www.tendals.net\/ca\/wp-json\/wp\/v2\/pages\/1200","targetHints":{"allow":["GET"]}}],"collection":[{"href":"https:\/\/www.tendals.net\/ca\/wp-json\/wp\/v2\/pages"}],"about":[{"href":"https:\/\/www.tendals.net\/ca\/wp-json\/wp\/v2\/types\/page"}],"author":[{"embeddable":true,"href":"https:\/\/www.tendals.net\/ca\/wp-json\/wp\/v2\/users\/3"}],"replies":[{"embeddable":true,"href":"https:\/\/www.tendals.net\/ca\/wp-json\/wp\/v2\/comments?post=1200"}],"version-history":[{"count":10,"href":"https:\/\/www.tendals.net\/ca\/wp-json\/wp\/v2\/pages\/1200\/revisions"}],"predecessor-version":[{"id":2909,"href":"https:\/\/www.tendals.net\/ca\/wp-json\/wp\/v2\/pages\/1200\/revisions\/2909"}],"wp:attachment":[{"href":"https:\/\/www.tendals.net\/ca\/wp-json\/wp\/v2\/media?parent=1200"}],"curies":[{"name":"wp","href":"https:\/\/api.w.org\/{rel}","templated":true}]}}